{"id":3222,"date":"2024-06-14T08:09:25","date_gmt":"2024-06-14T06:09:25","guid":{"rendered":"http:\/\/www.zsjanov.cz\/?page_id=3222"},"modified":"2024-06-14T08:13:00","modified_gmt":"2024-06-14T06:13:00","slug":"prevence-predcasnych-odchoduze-vzdelavani-na-zs-ms-janov","status":"publish","type":"page","link":"https:\/\/www.zsjanov.cz\/?page_id=3222","title":{"rendered":"Prevence p\u0159ed\u010dasn\u00fdch odchod\u016f ze vzd\u011bl\u00e1v\u00e1n\u00ed na Z\u0160, M\u0160 Janov"},"content":{"rendered":"<div class=\"wp-block-image\">\n<figure class=\"alignleft size-full is-resized\"><img loading=\"lazy\" decoding=\"async\" width=\"800\" height=\"207\" src=\"http:\/\/www.zsjanov.cz\/wp-content\/uploads\/2024\/02\/spolufinEUViewImage.jpeg\" alt=\"\" class=\"wp-image-2708\" style=\"width:317px;height:auto\" srcset=\"https:\/\/www.zsjanov.cz\/wp-content\/uploads\/2024\/02\/spolufinEUViewImage.jpeg 800w, https:\/\/www.zsjanov.cz\/wp-content\/uploads\/2024\/02\/spolufinEUViewImage-300x78.jpeg 300w, https:\/\/www.zsjanov.cz\/wp-content\/uploads\/2024\/02\/spolufinEUViewImage-768x199.jpeg 768w\" sizes=\"auto, (max-width: 800px) 100vw, 800px\" \/><\/figure>\n<\/div>\n\n\n<figure class=\"wp-block-image size-full\"><img loading=\"lazy\" decoding=\"async\" width=\"92\" height=\"92\" src=\"http:\/\/www.zsjanov.cz\/wp-content\/uploads\/2023\/09\/mpsv.png\" alt=\"\" class=\"wp-image-2229\" srcset=\"https:\/\/www.zsjanov.cz\/wp-content\/uploads\/2023\/09\/mpsv.png 92w, https:\/\/www.zsjanov.cz\/wp-content\/uploads\/2023\/09\/mpsv-70x70.png 70w\" sizes=\"auto, (max-width: 92px) 100vw, 92px\" \/><\/figure>\n\n\n\n<p><\/p>\n\n\n\n<p class=\"has-medium-font-size\"><strong><a href=\"http:\/\/www.zsjanov.cz\/wp-content\/uploads\/2024\/06\/Publicita-plakat.pdf\" data-type=\"attachment\" data-id=\"3221\" target=\"_blank\" rel=\"noreferrer noopener\">Plak\u00e1t<\/a><\/strong><\/p>\n\n\n\n<p>Projekt je zam\u011b\u0159en na prevenci omezuj\u00edc\u00ed p\u0159ed\u010dasn\u00e9 odchody ze vzd\u011bl\u00e1v\u00e1n\u00ed na M\u0160 a Z\u0160 Litv\u00ednov \u2013 Janov, prost\u0159ednictv\u00edm multidisciplin\u00e1rn\u00ed spolupr\u00e1ce akt\u00e9r\u016f z oblasti vzd\u011bl\u00e1v\u00e1n\u00ed a soci\u00e1ln\u00edch slu\u017eeb, d\u00e1le realizac\u00ed mimo\u0161koln\u00edch aktivit pro d\u011bti, \u017e\u00e1ky a rodi\u010de a prost\u0159ednictv\u00edm vytvo\u0159en\u00ed 2 pilotn\u00edch pracovn\u00edch pozic.&nbsp; Aktivity projektu jsou zam\u011b\u0159eny na podporu a motivaci k \u00fasp\u011b\u0161n\u00e9mu dokon\u010den\u00ed z\u00e1kladn\u00edho vzd\u011bl\u00e1v\u00e1n\u00ed a pokra\u010dov\u00e1n\u00ed v dal\u0161\u00edm studiu \u017e\u00e1k\u016f, ke zlep\u0161en\u00ed doch\u00e1zky a p\u0159\u00edpravy d\u011bt\u00ed v p\u0159ed\u0161koln\u00edm vzd\u011bl\u00e1v\u00e1n\u00ed.<\/p>\n\n\n\n<p><strong>Projekt \u0159e\u0161\u00ed tyto probl\u00e9my:<\/strong><\/p>\n\n\n\n<ul class=\"wp-block-list\">\n<li>vysok\u00fd po\u010det d\u011bt\u00ed s nepravidelnou doch\u00e1zkou zejm\u00e9na v&nbsp;M\u0160 Slun\u00ed\u010dko<\/li>\n\n\n\n<li>vysok\u00e1 absence \u017e\u00e1k\u016f Z\u0160<\/li>\n\n\n\n<li>vysok\u00fd po\u010det d\u011bt\u00ed s odkladem \u0161koln\u00ed doch\u00e1zky \u010di dodate\u010dn\u00fdm odkladem \u0161koln\u00ed doch\u00e1zky<\/li>\n\n\n\n<li>vysok\u00fd po\u010det d\u011bt\u00ed, kte\u0159\u00ed ukon\u010d\u00ed \u0161koln\u00ed doch\u00e1zku v ni\u017e\u0161\u00edm ne\u017e 9. ro\u010dn\u00edku<\/li>\n\n\n\n<li>vysok\u00fd po\u010det d\u011bt\u00ed, kter\u00e9 nepokra\u010duj\u00ed v&nbsp;dal\u0161\u00edm studiu<\/li>\n<\/ul>\n\n\n\n<p>Hlavn\u00edm c\u00edlem projektu je sn\u00ed\u017een\u00ed po\u010dtu \u017e\u00e1k\u016f p\u0159ed\u010dasn\u011b odch\u00e1zej\u00edc\u00edch z&nbsp;procesu vzd\u011bl\u00e1v\u00e1n\u00ed.<\/p>\n\n\n\n<p><strong>Dal\u0161\u00ed c\u00edle: <\/strong>sn\u00ed\u017een\u00ed odklad\u016f \u0161koln\u00ed doch\u00e1zky,<\/p>\n\n\n\n<p>&nbsp;&nbsp;&nbsp;&nbsp;&nbsp;&nbsp;&nbsp;&nbsp;&nbsp;&nbsp;&nbsp;&nbsp;&nbsp;&nbsp;&nbsp;&nbsp; sn\u00ed\u017een\u00ed po\u010dtu \u017e\u00e1k\u016f s&nbsp;nedokon\u010den\u00fdm z\u00e1kladn\u00edm vzd\u011bl\u00e1n\u00edm.<\/p>\n\n\n\n<p>&nbsp;&nbsp;&nbsp;&nbsp;&nbsp;&nbsp;&nbsp;&nbsp;&nbsp;&nbsp;&nbsp;&nbsp;&nbsp;&nbsp;&nbsp;&nbsp; zv\u00fd\u0161it pravidelnost doch\u00e1zky v&nbsp;r\u00e1mci p\u0159ed\u0161koln\u00edho vzd\u011bl\u00e1v\u00e1n\u00ed,<\/p>\n\n\n\n<p>&nbsp;&nbsp;&nbsp;&nbsp;&nbsp;&nbsp;&nbsp;&nbsp;&nbsp;&nbsp;&nbsp;&nbsp;&nbsp;&nbsp;&nbsp;&nbsp; nav\u00fd\u0161it po\u010det \u017e\u00e1k\u016f, kte\u0159\u00ed budou pokra\u010dovat v&nbsp;dal\u0161\u00edm studiu.<\/p>\n\n\n\n<p><strong>T\u011bchto c\u00edl\u016f chceme dos\u00e1hnout zejm\u00e9na prost\u0159ednictv\u00edm prohlouben\u00edm multidisciplin\u00e1rn\u00ed spolupr\u00e1ce a d\u00e1le:<\/strong><\/p>\n\n\n\n<ul class=\"wp-block-list\">\n<li>&nbsp;Vytvo\u0159en\u00edm funguj\u00edc\u00edho syst\u00e9mu v\u010dasn\u00e9 identifikace a n\u00e1sledn\u00e9 podpory \u017e\u00e1k\u016f ohro\u017een\u00fdch p\u0159ed\u010dasn\u00fdm odchodem ze vzd\u011bl\u00e1v\u00e1n\u00ed, zpracov\u00e1n\u00edm Metodiky ,, Prevence p\u0159ed\u010dasn\u00fdch odchod\u016f ze vzd\u011bl\u00e1v\u00e1n\u00ed na M\u0160, Z\u0160 Janov\u201c.<\/li>\n\n\n\n<li>Zintenzivn\u011bn\u00edm p\u0159\u00edpravy d\u011bt\u00ed na vstup do Z\u0160<\/li>\n\n\n\n<li>Zlep\u0161en\u00edm podm\u00ednek pro \u0161koln\u00ed p\u0159\u00edpravu d\u011bt\u00ed,<\/li>\n\n\n\n<li>Zv\u00fd\u0161en\u00edm nab\u00eddky mimo\u0161koln\u00edch a volno\u010dasov\u00fdch aktivit v SVL<\/li>\n\n\n\n<li>Podporou rodi\u010dovsk\u00fdch kompetenc\u00ed<\/li>\n<\/ul>\n\n\n\n<h1 class=\"wp-block-heading\"><a><\/a><a>Kl\u00ed\u010dov\u00e9 aktivity projektu<\/a><\/h1>\n\n\n\n<ul class=\"wp-block-list\">\n<li>01 &#8211; Multidisciplin\u00e1rn\u00ed t\u00fdm<\/li>\n\n\n\n<li>02 &#8211; Aktivity zam\u011b\u0159en\u00e9 na podporu \u00fa\u010dasti d\u011bt\u00ed v p\u0159ed\u0161koln\u00edm vzd\u011bl\u00e1v\u00e1n\u00ed<\/li>\n\n\n\n<li>03 &#8211; Aktivity zam\u011b\u0159en\u00e9 na prevenci p\u0159ed\u010dasn\u00fdch odchod\u016f ze z\u00e1kladn\u00edho vzd\u011bl\u00e1v\u00e1n\u00ed, motivace k vy\u0161\u0161\u00edmu stupni vzd\u011bl\u00e1v\u00e1n\u00ed<\/li>\n\n\n\n<li>04 &#8211; Aktivity zam\u011b\u0159en\u00e9 na podporu zvy\u0161ov\u00e1n\u00ed rodi\u010dovsk\u00fdch kompetenc\u00ed a zlep\u0161en\u00ed spolupr\u00e1ce se \u0161kolou<\/li>\n\n\n\n<li>05 &#8211; Evaluace<\/li>\n\n\n\n<li>06 &#8211; \u0158\u00edzen\u00ed projektu<\/li>\n<\/ul>\n\n\n\n<p><strong>Konkr\u00e9tn\u011b budou realizov\u00e1ny tyto aktivity:<\/strong><\/p>\n\n\n\n<ul class=\"wp-block-list\">\n<li><strong>Krou\u017eek ,, Prv\u0148\u00e1\u010dek<\/strong>&#8220; zam\u011b\u0159en\u00fd na podporu kompetenc\u00ed a dovednost\u00ed d\u011bt\u00ed pro \u00fasp\u011b\u0161n\u00e9 zvl\u00e1dnut\u00ed z\u00e1pisu do Z\u0160 a p\u0159echodu d\u011bt\u00ed&nbsp; z&nbsp;M\u0160 do 1. t\u0159\u00eddy Z\u0160.<\/li>\n\n\n\n<li><strong>Edukativn\u011b stimula\u010dn\u00ed skupiny<\/strong>&#8220; &#8211; celkem bude vytvo\u0159eno 12 ESS, v ka\u017ed\u00e9 skupin\u011b bude 8 vybran\u00fdch d\u011bt\u00ed a jejich rodi\u010d\u016f. Jedn\u00e1 se o program ur\u010den\u00fd p\u0159ed\u0161koln\u00edm d\u011btem s c\u00edlem zkvalitnit jejich p\u0159\u00edpravu na vstup do z\u00e1kladn\u00ed \u0161koly. Jde o efektivn\u00ed pravidelnou pr\u00e1ci d\u00edt\u011bte, rodi\u010de, u\u010ditele, asistenta. Rodi\u010d je rozv\u00edjen v&nbsp;rodi\u010dovsk\u00fdch kompetenc\u00edch, v\u0161ichni zapojen\u00ed \u00fa\u010dastn\u00edci se u\u010d\u00ed vz\u00e1jemn\u00e9 spolupr\u00e1ci a komunikaci, zlep\u0161uje se vztah rodi\u010d\u016f ke \u0161kole.<\/li>\n<\/ul>\n\n\n\n<ul class=\"wp-block-list\">\n<li>Pro aktivizaci rodi\u010d\u016f a zv\u00fd\u0161en\u00ed \u00fa\u010dasti d\u011bt\u00ed v&nbsp;p\u0159ed\u0161koln\u00edm vzd\u011bl\u00e1v\u00e1n\u00ed bude vytvo\u0159ena pozice s n\u00e1zvem <strong>,, Pomocn\u00fd pracovn\u00edk pro oblast p\u0159ed\u0161koln\u00edho vzd\u011bl\u00e1v\u00e1n\u00ed\u201c<\/strong>, jeho\u017e \u00fakolem bude zprost\u0159edkov\u00e1vat komunikaci s komunitou, rodinou a \u0161kolou&nbsp; &#8211; p\u0159ed\u00e1vat informace a zaji\u0161\u0165ovat opat\u0159en\u00ed, kter\u00e9 povedou ke zlep\u0161en\u00ed pravideln\u00e9 doch\u00e1zky d\u011bt\u00ed do p\u0159ed\u0161koln\u00edho za\u0159\u00edzen\u00ed \u2013 v&nbsp;r\u00e1mci ter\u00e9nn\u00ed \u010dinnosti bude oslovovat rodi\u010de a zji\u0161\u0165ovat p\u0159\u00ed\u010diny nevyu\u017e\u00edv\u00e1n\u00ed slu\u017eeb p\u0159ed\u0161koln\u00edch za\u0159\u00edzen\u00ed, informovat o slu\u017eb\u00e1ch, kter\u00e9 v&nbsp;lokalit\u011b v&nbsp;oblasti p\u0159ed\u0161koln\u00edho vzd\u011bl\u00e1v\u00e1n\u00ed poskytuj\u00ed spolupracuj\u00edc\u00ed organizace ( D\u011btsk\u00e9 skupiny, Rodinn\u00e9 centrum, pomoc rodi\u010d\u016fm s&nbsp;kontaktem a z\u00e1pisem do M\u0160 informace o adapta\u010dn\u00edch dnech \u010di dnech otev\u0159en\u00fdch dve\u0159\u00ed p\u0159ed\u0161koln\u00edch za\u0159\u00edzen\u00ed, na z\u00e1klad\u011b domluvy s&nbsp;M\u0160 \u010di s&nbsp;Charitou Most (Komunitn\u00ed centrum Janov) mo\u017enost sezn\u00e1mit rodi\u010de s&nbsp;prost\u0159ed\u00edm M\u0160 \u010di jin\u00fdch typ\u016f p\u0159ed\u0161koln\u00ed p\u0159\u00edpravy.&nbsp;<\/li>\n\n\n\n<li>Sou\u010d\u00e1st\u00ed aktivit budou tak\u00e9 <strong>p\u0159\u00edm\u011bstsk\u00e9 t\u00e1bory<\/strong>, kter\u00e9 budou realizov\u00e1ny v&nbsp;obdob\u00ed \u0161koln\u00edch pr\u00e1zdnin s&nbsp;c\u00edlem zajistit d\u011btem ve v\u011bku od 5 let tr\u00e1vit atraktivn\u011b voln\u00fd \u010das, sezn\u00e1mit se s&nbsp;budouc\u00edmi spolu\u017e\u00e1ky, procvi\u010dit si n\u011bkter\u00e9 dovednosti v&nbsp;oblasti \u010dten\u00e1\u0159sk\u00e9 a matematick\u00e9 gramotnosti, upevnit soci\u00e1ln\u00ed dovednosti. Program p\u0159\u00edm\u011bstsk\u00e9ho t\u00e1bora bude zahrnovat krom\u011b klasick\u00fdch v\u00fdlet\u016f a pohybov\u00fdch aktivit tak\u00e9 z\u00e1bavn\u011b vzd\u011bl\u00e1vac\u00ed aktivity zam\u011b\u0159en\u00e9 na podporu matematick\u00e9 a \u010dten\u00e1\u0159sk\u00e9 gramotnosti d\u011bt\u00ed. P\u0159\u00edm\u011bstsk\u00e9 t\u00e1bory budou m\u00edt kapacitu 25 d\u011bt\u00ed (d\u011bti p\u0159ed\u0161koln\u00edho v\u011bku budu tvo\u0159it 1\/3, tj. cca 8 d\u011bt\u00ed)<\/li>\n\n\n\n<li><strong>Dou\u010dov\u00e1n\u00ed<\/strong> &#8211; aktivita dou\u010dov\u00e1n\u00ed bude prob\u00edhat 2x t\u00fddn\u011b v&nbsp;Jakl\u00edku a 1 x t\u00fddn\u011b (2 hod) v&nbsp;Komunitn\u00edm centru Libu\u0161e. Dou\u010dov\u00e1n\u00ed v&nbsp;Jakl\u00edku bude ur\u010deno p\u0159edev\u0161\u00edm \u017e\u00e1k\u016fm 1. stupn\u011b Z\u0160, dou\u010dov\u00e1n\u00ed v&nbsp;komunitn\u00edm centru bude ur\u010deno \u017e\u00e1k\u016fm 2. stupn\u011b.<\/li>\n\n\n\n<li><strong>\u201ePomocn\u00fd pracovn\u00edk pro oblast z\u00e1kladn\u00edho vzd\u011bl\u00e1v\u00e1n\u00ed &#8222;<\/strong>. v&nbsp;dopoledn\u00edch hodin\u00e1ch bude vykon\u00e1vat ter\u00e9nn\u00ed pr\u00e1ce v SVL spole\u010dn\u011b s&nbsp;pomocn\u00fdm pracovn\u00edkem pro oblast p\u0159ed\u0161koln\u00edho vzd\u011bl\u00e1v\u00e1n\u00ed. V&nbsp;r\u00e1mci ter\u00e9nn\u00ed pr\u00e1ce bude pr\u016fb\u011b\u017en\u011b informovat rodi\u010de o aktu\u00e1ln\u011b p\u0159ipravovan\u00fdch aktivit\u00e1ch pro rodi\u010de v&nbsp;r\u00e1mci projektu, v&nbsp;r\u00e1mci \u0161koly, v&nbsp;r\u00e1mci komunitn\u00edho centra, v&nbsp;r\u00e1mci oblastn\u00ed charity, bude p\u0159ed\u00e1vat informace o mo\u017enosti d\u011bt\u00ed nav\u0161t\u011bvovat nov\u00e9 krou\u017eky v&nbsp;lokalit\u011b, bude pom\u00e1hat rodi\u010d\u016fm se z\u00e1pisem do Z\u0160, s&nbsp;komunikac\u00ed se \u0161kolou, s&nbsp;doprovodem d\u011bt\u00ed do M\u0160 (bude nab\u00edzeno pouze rodi\u010d\u016fm, kte\u0159\u00ed pe\u010duj\u00ed o dal\u0161\u00ed d\u00edt\u011b do 2 let v\u011bku).&nbsp; Bude se \u00fa\u010dastnit volno\u010dasov\u00fdch aktivit, kter\u00e9 budou prob\u00edhat v komunitn\u00edm centru Libu\u0161e pro \u017e\u00e1ky Z\u0160 (aktivity pro rodi\u010de), bude se \u00fa\u010dastnit \u0161koln\u00edch &#8222;p\u0159\u00edpadov\u00fdch konferenc\u00ed&#8220; zam\u011b\u0159en\u00fdch na z\u00e1jem o st\u0159edn\u00ed vzd\u011bl\u00e1v\u00e1n\u00ed a p\u0159\u00edpravu na p\u0159ij\u00edmac\u00ed \u0159\u00edzen\u00ed, bude zaji\u0161\u0165ovat komunikaci a koordinaci postupu zejm\u00e9na s t\u0159\u00eddn\u00edmi u\u010diteli<\/li>\n\n\n\n<li><strong>Krou\u017eky<\/strong>:<\/li>\n<\/ul>\n\n\n\n<p><strong>Z\u0160:<\/strong><\/p>\n\n\n\n<ul class=\"wp-block-list\">\n<li>Dramatick\u00fd krou\u017eek<ul><li>Sportovn\u00ed krou\u017eek<\/li><\/ul>\n<ul class=\"wp-block-list\">\n<li>Tane\u010dn\u00ed krou\u017eek<\/li>\n<\/ul>\n<\/li>\n<\/ul>\n\n\n\n<p><strong>Libu\u0161e<\/strong>:<\/p>\n\n\n\n<ul class=\"wp-block-list\">\n<li>krou\u017eek \u0158emesel<ul><li>Teraristika<\/li><\/ul><ul><li>Sportovn\u00ed krou\u017eek<\/li><\/ul><ul><li>Hudebn\u00ed\/v\u00fdtvarn\u011b um\u011bleck\u00fd (st\u0159\u00eddaj\u00ed se po t\u00fddnu)<\/li><\/ul>\n<ul class=\"wp-block-list\">\n<li>Filmov\u00fd\/neform\u00e1ln\u011b vzd\u011bl\u00e1vac\u00ed<\/li>\n<\/ul>\n<\/li>\n<\/ul>\n\n\n\n<ul class=\"wp-block-list\">\n<li><strong>Jednor\u00e1zov\u00e9 v\u00fdjezdov\u00e9 aktivity pro rodiny s d\u011btmi &#8211; v\u00fdlety &#8211; <\/strong>v\u00fdjezdy s&nbsp;rodi\u010di a d\u011btmi na zaj\u00edmav\u00e1 m\u00edsta v&nbsp;\u010cech\u00e1ch (interaktivn\u00ed prohl\u00eddky, v\u00fdstavy, hrady, z\u00e1mky, veletrhy vzd\u011bl\u00e1v\u00e1n\u00ed..)<\/li>\n<\/ul>\n\n\n\n<ul class=\"wp-block-list\">\n<li><strong>Jednor\u00e1zov\u00e1 setk\u00e1n\u00ed<\/strong><strong> s&nbsp;rodi\u010di &#8211; <\/strong>jednodenn\u00ed aktivity pro rodi\u010de s&nbsp;d\u011btmi (setk\u00e1v\u00e1n\u00ed rodi\u010d\u016f v&nbsp;komunitn\u00edm centru Libu\u0161e&nbsp; \u2013 nap\u0159. s&nbsp;grilov\u00e1n\u00edm, s&nbsp;hudbou, s&nbsp;p\u0159edn\u00e1\u0161kami, s tvo\u0159en\u00edm \u2013 p\u0159i t\u011bchto p\u0159\u00edle\u017eitostech budou s rodi\u010di prob\u00edr\u00e1na t\u00e9mata o&nbsp;d\u016fle\u017eitosti vzd\u011bl\u00e1v\u00e1n\u00ed d\u011bt\u00ed, zku\u0161enosti rodi\u010d\u016f s&nbsp;komunikac\u00ed se \u0161kolou, doch\u00e1zka d\u011bt\u00ed do \u0161koly, p\u0159\u00edprava na studium a v\u00fdb\u011br budouc\u00ed profese d\u011bt\u00ed).<\/li>\n<\/ul>\n","protected":false},"excerpt":{"rendered":"<p>Plak\u00e1t Projekt je zam\u011b\u0159en na prevenci omezuj\u00edc\u00ed p\u0159ed\u010dasn\u00e9 odchody ze vzd\u011bl\u00e1v\u00e1n\u00ed na M\u0160 a Z\u0160 Litv\u00ednov \u2013 Janov, prost\u0159ednictv\u00edm multidisciplin\u00e1rn\u00ed &hellip; <\/p>\n","protected":false},"author":1,"featured_media":0,"parent":386,"menu_order":-1,"comment_status":"closed","ping_status":"closed","template":"","meta":{"footnotes":""},"class_list":["post-3222","page","type-page","status-publish","hentry","latest_post"],"_links":{"self":[{"href":"https:\/\/www.zsjanov.cz\/index.php?rest_route=\/wp\/v2\/pages\/3222","targetHints":{"allow":["GET"]}}],"collection":[{"href":"https:\/\/www.zsjanov.cz\/index.php?rest_route=\/wp\/v2\/pages"}],"about":[{"href":"https:\/\/www.zsjanov.cz\/index.php?rest_route=\/wp\/v2\/types\/page"}],"author":[{"embeddable":true,"href":"https:\/\/www.zsjanov.cz\/index.php?rest_route=\/wp\/v2\/users\/1"}],"replies":[{"embeddable":true,"href":"https:\/\/www.zsjanov.cz\/index.php?rest_route=%2Fwp%2Fv2%2Fcomments&post=3222"}],"version-history":[{"count":3,"href":"https:\/\/www.zsjanov.cz\/index.php?rest_route=\/wp\/v2\/pages\/3222\/revisions"}],"predecessor-version":[{"id":3226,"href":"https:\/\/www.zsjanov.cz\/index.php?rest_route=\/wp\/v2\/pages\/3222\/revisions\/3226"}],"up":[{"embeddable":true,"href":"https:\/\/www.zsjanov.cz\/index.php?rest_route=\/wp\/v2\/pages\/386"}],"wp:attachment":[{"href":"https:\/\/www.zsjanov.cz\/index.php?rest_route=%2Fwp%2Fv2%2Fmedia&parent=3222"}],"curies":[{"name":"wp","href":"https:\/\/api.w.org\/{rel}","templated":true}]}}