{"id":390,"date":"2022-04-01T20:09:06","date_gmt":"2022-04-01T18:09:06","guid":{"rendered":"http:\/\/test.zsjanov.cz\/?page_id=390"},"modified":"2026-04-27T15:52:00","modified_gmt":"2026-04-27T13:52:00","slug":"dokumenty","status":"publish","type":"page","link":"https:\/\/www.zsjanov.cz\/?page_id=390","title":{"rendered":"Dokumenty"},"content":{"rendered":"\n<h3 class=\"wp-block-heading\"><a href=\"http:\/\/www.zsjanov.cz\/?page_id=475\" data-type=\"page\" data-id=\"475\">Dokumenty ke sta\u017een\u00ed<\/a><\/h3>\n\n\n\n<p class=\"has-medium-font-size\"><strong><a href=\"http:\/\/www.zsjanov.cz\/wp-content\/uploads\/2024\/09\/Whistleblowing.pdf\" data-type=\"attachment\" data-id=\"3391\" target=\"_blank\" rel=\"noreferrer noopener\">Sm\u011brnice o \u0159e\u0161en\u00ed ozn\u00e1men\u00ed dle z\u00e1kona o ochran\u011b oznamovatel\u016f<\/a><\/strong><\/p>\n\n\n\n<h3 class=\"wp-block-heading has-medium-font-size\"><a href=\"https:\/\/www.zsjanov.cz\/wp-content\/uploads\/2025\/12\/Schvaleny-rozpocet-na-r.-2026.pdf\" data-type=\"attachment\" data-id=\"4139\">Schv\u00e1len\u00fd rozpo\u010det na rok 2026 <\/a><\/h3>\n\n\n\n<h3 class=\"wp-block-heading has-medium-font-size\"><a href=\"http:\/\/www.zsjanov.cz\/wp-content\/uploads\/2025\/12\/Strednedoby-vyhled-rozp.-na-r.-20272028.pdf\" data-type=\"attachment\" data-id=\"3676\" target=\"_blank\" rel=\"noreferrer noopener\">St\u0159edn\u011bdob\u00fd v\u00fdhled rozpo\u010dtu 2027, 2028<\/a><\/h3>\n\n\n\n<h2 class=\"wp-block-heading\" style=\"text-transform:uppercase\">\u0161KOLN\u00cd VZD\u011aL\u00c1VAC\u00cd PROGRAM<\/h2>\n\n\n\n<p>\u0160koln\u00ed vzd\u011bl\u00e1vac\u00ed program (\u0160VP) je u\u010debn\u00ed dokument, kter\u00fd si ka\u017ed\u00e1 z\u00e1kladn\u00ed a st\u0159edn\u00ed \u0161kola v \u010cesk\u00e9 republice vytv\u00e1\u0159\u00ed, aby realizovala po\u017eadavky r\u00e1mcov\u00e9ho vzd\u011bl\u00e1vac\u00edho programu (RVP) pro dan\u00fd obor vzd\u011bl\u00e1v\u00e1n\u00ed. Legislativn\u011b je zakotven v z\u00e1kon\u011b \u010d\u00edslo 561\/2004 Sb. (\u0161kolsk\u00fd z\u00e1kon).<\/p>\n\n\n\n<p><a href=\"http:\/\/zsjanov.cz\/wp-content\/uploads\/2022\/08\/svp_zs_2019.pdf\" data-type=\"URL\" data-id=\"http:\/\/zsjanov.cz\/wp-content\/uploads\/2022\/08\/svp_zs_2019.pdf\" target=\"_blank\" rel=\"noreferrer noopener\">\u0160koln\u00ed vzd\u011bl\u00e1vac\u00ed program &#8222;\u0160kola pro \u017eivot&#8220;<\/a><\/p>\n\n\n\n<p><a href=\"http:\/\/zsjanov.cz\/wp-content\/uploads\/2022\/08\/svp_pt.pdf\" data-type=\"attachment\" target=\"_blank\" rel=\"noreferrer noopener\">\u0160koln\u00ed vzd\u011bl\u00e1vac\u00ed program p\u0159\u00edpravn\u00e9 t\u0159\u00eddy&nbsp; &#8222;Poh\u00e1dkov\u00fd koloto\u010d&#8220;<\/a><\/p>\n\n\n\n<p><a href=\"http:\/\/zsjanov.cz\/wp-content\/uploads\/2022\/08\/svp_spec.pdf\" data-type=\"attachment\" target=\"_blank\" rel=\"noreferrer noopener\">\u0160koln\u00ed vzd\u011bl\u00e1vac\u00ed program z\u00e1kladn\u00ed \u0161koly speci\u00e1ln\u00ed<\/a><\/p>\n\n\n\n<p><a href=\"http:\/\/zsjanov.cz\/wp-content\/uploads\/2022\/08\/svp_spec2.pdf\" data-type=\"attachment\" target=\"_blank\" rel=\"noreferrer noopener\">Vzd\u011bl\u00e1v\u00e1n\u00ed \u017e\u00e1k\u016f s t\u011b\u017ek\u00fdm ment\u00e1ln\u00edm posti\u017een\u00edm a<br>soub\u011b\u017en\u00fdm posti\u017een\u00edm v\u00edce vadami<\/a><\/p>\n\n\n\n<p><a href=\"http:\/\/zsjanov.cz\/wp-content\/uploads\/2022\/08\/svp_sd.pdf\" data-type=\"attachment\" target=\"_blank\" rel=\"noreferrer noopener\">\u0160koln\u00ed vzd\u011bl\u00e1vac\u00ed program \u0161koln\u00ed dru\u017einy<\/a><\/p>\n\n\n\n<p><a href=\"http:\/\/zsjanov.cz\/wp-content\/uploads\/2022\/08\/svp_sk.pdf\" data-type=\"attachment\" target=\"_blank\" rel=\"noreferrer noopener\">\u0160koln\u00ed vzd\u011bl\u00e1vac\u00ed program \u0161koln\u00edho klubu<\/a><\/p>\n\n\n\n<p><a href=\"http:\/\/zsjanov.cz\/wp-content\/uploads\/2022\/08\/svp_sd_spec.pdf\" data-type=\"attachment\" target=\"_blank\" rel=\"noreferrer noopener\">\u0160koln\u00ed vzd\u011bl\u00e1vac\u00ed program \u0161koln\u00ed dru\u017einy pro d\u011bti<br>t\u0159\u00edd z\u00e1kladn\u00ed \u0161koly speci\u00e1ln\u00ed<\/a><\/p>\n\n\n\n<p><a href=\"https:\/\/www.zsjanov.cz\/wp-content\/uploads\/2025\/12\/Skolni-rad-aktualizace-2025.pdf\" data-type=\"attachment\" data-id=\"4151\" target=\"_blank\" rel=\"noreferrer noopener\">\u0160koln\u00ed \u0159\u00e1d<\/a><\/p>\n\n\n\n<p><a href=\"https:\/\/www.zsjanov.cz\/wp-content\/uploads\/2026\/04\/Rad-skolni-druziny.pdf\" data-type=\"attachment\" data-id=\"4221\" target=\"_blank\" rel=\"noreferrer noopener\">\u0158\u00e1d \u0161koln\u00ed dru\u017einy<\/a><\/p>\n\n\n\n<p><a href=\"https:\/\/www.zsjanov.cz\/wp-content\/uploads\/2026\/04\/Vnitrni-rad-skolni-druziny.pdf\" data-type=\"attachment\" data-id=\"4222\" target=\"_blank\" rel=\"noreferrer noopener\">Vnit\u0159n\u00ed \u0159\u00e1d \u0161koln\u00ed dru\u017einy<\/a><\/p>\n\n\n\n<p><a href=\"https:\/\/www.zsjanov.cz\/wp-content\/uploads\/2026\/04\/Rad-skolniho-klubu.pdf\" data-type=\"attachment\" data-id=\"4219\" target=\"_blank\" rel=\"noreferrer noopener\">\u0158\u00e1d \u0161koln\u00edho klubu<\/a><\/p>\n\n\n\n<p><a href=\"https:\/\/www.zsjanov.cz\/wp-content\/uploads\/2026\/04\/Vnitrni-rad-skolniho-klubu.pdf\" data-type=\"attachment\" data-id=\"4220\" target=\"_blank\" rel=\"noreferrer noopener\">Vnit\u0159n\u00ed \u0159\u00e1d \u0161koln\u00edho klubu<\/a><\/p>\n\n\n\n<p><a href=\"https:\/\/www.zsjanov.cz\/wp-content\/uploads\/2026\/04\/Vnitrni-rad-skolni-jidelny-a-vydejny.pdf\" data-type=\"attachment\" data-id=\"4232\" target=\"_blank\" rel=\"noreferrer noopener\">Vnit\u0159n\u00ed \u0159\u00e1d \u0161koln\u00ed j\u00eddelny Z\u0160 a M\u0160 PArapl\u00ed\u010dko a v\u00fddejny M\u0160 Slun\u00ed\u010dko<\/a><\/p>\n\n\n\n<p><strong>Mo\u017enosti \u0160VP<\/strong><\/p>\n\n\n\n<p><strong>U\u010ditel\u00e9 mohou<\/strong>:<\/p>\n\n\n\n<ul class=\"wp-block-list\">\n<li>profilovat svoji \u0161kolu a t\u00edm ji odli\u0161it od jin\u00fdch \u0161kol<\/li>\n\n\n\n<li>formulovat vlastn\u00ed p\u0159edstavy o podob\u011b vzd\u011bl\u00e1v\u00e1n\u00ed na sv\u00e9 \u0161kole<\/li>\n\n\n\n<li>odbourat zbyte\u010dn\u00e9 duplicity v obsahu u\u010diva<\/li>\n\n\n\n<li>l\u00e9pe spolupracovat p\u0159i mezioborov\u00e9m vzd\u011bl\u00e1v\u00e1n\u00ed<\/li>\n\n\n\n<li>pos\u00edlit t\u00fdmov\u00e9ho ducha pedagogick\u00e9ho sboru<\/li>\n\n\n\n<li>u\u010dit kreativn\u011b<\/li>\n<\/ul>\n\n\n\n<p><strong>\u017d\u00e1ci:<\/strong><\/p>\n\n\n\n<ul class=\"wp-block-list\">\n<li>si mohou vybrat \u0161kolu, kter\u00e1 nejl\u00e9pe vyhovuje jejich po\u017eadavk\u016fm<\/li>\n\n\n\n<li>se budou vzd\u011bl\u00e1vat efektivn\u011bji<\/li>\n<\/ul>\n","protected":false},"excerpt":{"rendered":"<p>Dokumenty ke sta\u017een\u00ed Sm\u011brnice o \u0159e\u0161en\u00ed ozn\u00e1men\u00ed dle z\u00e1kona o ochran\u011b oznamovatel\u016f Schv\u00e1len\u00fd rozpo\u010det na rok 2026 St\u0159edn\u011bdob\u00fd v\u00fdhled rozpo\u010dtu &hellip; <\/p>\n","protected":false},"author":1,"featured_media":0,"parent":0,"menu_order":0,"comment_status":"closed","ping_status":"closed","template":"","meta":{"footnotes":""},"class_list":["post-390","page","type-page","status-publish","hentry","latest_post"],"_links":{"self":[{"href":"https:\/\/www.zsjanov.cz\/index.php?rest_route=\/wp\/v2\/pages\/390","targetHints":{"allow":["GET"]}}],"collection":[{"href":"https:\/\/www.zsjanov.cz\/index.php?rest_route=\/wp\/v2\/pages"}],"about":[{"href":"https:\/\/www.zsjanov.cz\/index.php?rest_route=\/wp\/v2\/types\/page"}],"author":[{"embeddable":true,"href":"https:\/\/www.zsjanov.cz\/index.php?rest_route=\/wp\/v2\/users\/1"}],"replies":[{"embeddable":true,"href":"https:\/\/www.zsjanov.cz\/index.php?rest_route=%2Fwp%2Fv2%2Fcomments&post=390"}],"version-history":[{"count":34,"href":"https:\/\/www.zsjanov.cz\/index.php?rest_route=\/wp\/v2\/pages\/390\/revisions"}],"predecessor-version":[{"id":4234,"href":"https:\/\/www.zsjanov.cz\/index.php?rest_route=\/wp\/v2\/pages\/390\/revisions\/4234"}],"wp:attachment":[{"href":"https:\/\/www.zsjanov.cz\/index.php?rest_route=%2Fwp%2Fv2%2Fmedia&parent=390"}],"curies":[{"name":"wp","href":"https:\/\/api.w.org\/{rel}","templated":true}]}}